{"id":169,"date":"2022-12-05T18:43:29","date_gmt":"2022-12-05T17:43:29","guid":{"rendered":"https:\/\/matrix.extra-faces.de\/?page_id=169"},"modified":"2023-01-08T19:52:05","modified_gmt":"2023-01-08T18:52:05","slug":"imprint","status":"publish","type":"page","link":"https:\/\/extra-faces.de\/index.php\/imprint\/","title":{"rendered":"Imprint"},"content":{"rendered":"<div class=\"wpb-content-wrapper\"><p>[vc_row row_height_percent=&#8220;0&#8243; overlay_alpha=&#8220;50&#8243; gutter_size=&#8220;3&#8243; column_width_percent=&#8220;100&#8243; shift_y=&#8220;0&#8243; z_index=&#8220;0&#8243; uncode_shortcode_id=&#8220;200782&#8243;][vc_column column_width_percent=&#8220;100&#8243; gutter_size=&#8220;3&#8243; style=&#8220;light&#8220; overlay_alpha=&#8220;50&#8243; shift_x=&#8220;0&#8243; shift_y=&#8220;0&#8243; shift_y_down=&#8220;0&#8243; z_index=&#8220;0&#8243; medium_width=&#8220;0&#8243; mobile_width=&#8220;0&#8243; width=&#8220;1\/1&#8243; uncode_shortcode_id=&#8220;819570&#8243;][vc_column_text text_lead=&#8220;yes&#8220; text_color=&#8220;color-jevc&#8220; uncode_shortcode_id=&#8220;113678&#8243; text_color_type=&#8220;uncode-palette&#8220;]<\/p>\n<h2>IMPRESSUM \/\/ DATENSCHUTZERKL\u00c4RUNG \/\/ NUTZUNGSBEDINGUNGEN<\/h2>\n<h2>Impressum<\/h2>\n<p><strong>Extra Faces<\/strong><\/p>\n<p><strong>Katrin Poppelbaum<\/strong><br \/>\n<strong>Barmbeker Stra\u00dfe 152<\/strong><br \/>\n<strong>22299 Hamburg<\/strong><\/p>\n<p>Telefon: 040.329 08 230<br \/>\nTelefon: 040.226 975 30<br \/>\nTelefax: 040.226 975 31<br \/>\nInternet: www.extra-faces.de<br \/>\neMail: info@extra-faces.de<\/p>\n<p>Umsatzsteuer-Identifikationsnummer gem\u00e4\u00df \u00a7 27 a Umsatzsteuergesetz: 08\/145\/08625<br \/>\nFirmensitz: Hamburg<\/p>\n<p>Inhaltlich Verantwortlicher gem\u00e4\u00df \u00a7 6 MDStV:<br \/>\nKatrin Poppelbaum<br \/>\nTrotz sorgf\u00e4ltiger inhaltlicher Kontrolle \u00fcbernehmen wir keine Haftung f\u00fcr die Inhalte externer<br \/>\nLinks. F\u00fcr den Inhalt der verlinkten Seiten sind ausschlie\u00dflich deren Betreiber verantwortlich.<\/p>\n<p>Alle Bilder dieser Webseite sind urheberrechtlich gesch\u00fctzt!<\/p>\n<p>Bildnachweis:\u00a0 <strong>\u00a9 <a href=\"https:\/\/www.bildwald.de\" target=\"_blank\" rel=\"noopener\">Tom Wald \/\/ BILDWALD<\/a><\/strong><\/p>\n<p>Die f\u00fcr die Datenerhebung, &#8211; Verarbeitung und &#8211; Nutzung verantwortliche Stelle ist die<br \/>\nExtra Faces Katrin Poppelbaum<br \/>\nBarmbeker Stra\u00dfe 152<br \/>\n22299 Hamburg<br \/>\nTelefon: 040.329 08 230<br \/>\nTelefon: 040.226 975 30<br \/>\nTelefax: 040.226 975 31<br \/>\nInternet: www.extra-faces.de<br \/>\neMail: info@extra-faces.de<\/p>\n<h2>Datenschutzerkl\u00e4rung<\/h2>\n<p>1. Pr\u00e4ambel<br \/>\nIm Folgenden informieren wir Sie \u00fcber die Erhebung personenbezogener Daten bei Nutzung<br \/>\nunserer Website. Personenbezogene Daten sind alle Daten, die auf Sie pers\u00f6nlich beziehbar sind,<br \/>\nz.B. Name, Adresse, E-Mail-Adressen.<\/p>\n<p>2. Name und Kontaktdaten des f\u00fcr die Verarbeitung Verantwortlichen<br \/>\nDiese Datenschutz-Information gilt f\u00fcr die Datenverarbeitung durch:<br \/>\nVerantwortlicher:<br \/>\nExtra Faces<br \/>\nKatrin Poppelbaum<br \/>\nBarmbeker Stra\u00dfe 152<br \/>\n22299 Hamburg<br \/>\nDeutschland<br \/>\nE-Mail-Adresse: info@extra-faces.de<br \/>\nTelefon: +49 (0)40 329 08 230 oder +49 (0)40 226 975 30<br \/>\nFax: +49 (0)40 226 975 31<\/p>\n<p>3. Erhebung und Speicherung personenbezogener Daten sowie Art und Zweck von deren<br \/>\nVerwendung<br \/>\na) Beim Besuch der Website:<br \/>\nBeim Aufrufen unserer Website werden durch den auf Ihrem Endger\u00e4t zum Einsatz kommenden<br \/>\nBrowser automatisch Informationen an den Server unserer Website gesendet. Diese Informationen<br \/>\nwerden tempor\u00e4r in einem sogenannten Logfile gespeichert. Folgende Informationen werden dabei<br \/>\nohne Ihr Zutun erfasst und bis zur automatisierten L\u00f6schung gespeichert:<br \/>\nBesuchte Seiten<br \/>\nDatum und Uhrzeit des Zugriffs<br \/>\nMenge der gesendeten Daten in Byte<br \/>\nQuelle\/Verweis, von welchem Sie auf die Seite gelangten<br \/>\nVerwendeter Browser<br \/>\nVerwendetes Betriebssystem<br \/>\nVerwendete IP-Adresse<br \/>\nDie erhobenen Daten dienen lediglich der Erstellung von Besucherstatistiken \u00fcber die Nutzung<br \/>\nunserer Website und der Verbesserung unserer Website.<br \/>\nDie Rechtsgrundlage f\u00fcr die Datenverarbeitung ist Art. 6 Abs. 1 S. 1 lit. f DSGVO. Un-ser<br \/>\nberechtigtes Interesse folgt aus oben aufgelisteten Zwecken zur Datenverarbei-tung.<br \/>\nb) Bei Inanspruchnahme online angebotener Vermittlungsleistungen<br \/>\nNeben der rein informatorischen Nutzung unserer Website bieten wir verschiedene<br \/>\nVermittlungsleistungen an, die Sie bei Interesse in Anspruch nehmen k\u00f6nnen. F\u00fcr den Fall, dass<br \/>\nSie von uns \u00fcber die Website angebotene Vermittlungsleistungen in Anspruch nehmen wollen,<br \/>\nm\u00fcssen Sie sich registrieren und hierbei in der Regel weitere personenbezogene Daten angeben,<br \/>\ndie wir zur Erbringung der jeweiligen Vermittlungsleistung ben\u00f6tigen.<br \/>\nDie von Ihnen eingegebenen Daten werden ausschlie\u00dflich zur Erbringung der von Ihnen konkret<br \/>\nangefragten Vermittlungsleistung verarbeitet. Die Verarbeitung dieser Daten erfolgt nur f\u00fcr die<br \/>\nDauer Ihrer Anmeldung. Diese Daten werden gel\u00f6scht, wenn Sie Ihren Zugang l\u00f6schen.<br \/>\nRegistrierte Nutzer haben die M\u00f6glichkeit, unter den Men\u00fcpunkten &#8222;Ihre Einstellungen&#8220; und &#8222;Ihr<br \/>\nAdressbuch&#8220; selbst zu bestimmen, welche Daten f\u00fcr andere registrierte Nutzer und f\u00fcr die<br \/>\n\u00d6ffentlichkeit sichtbar sind. Weiterhin besteht f\u00fcr registrierte Nutzer die M\u00f6glichkeit, bei Bedarf die<br \/>\nbei Registrierung angegeben Daten jederzeit zu \u00e4ndern oder zu l\u00f6schen.<br \/>\nRechtsgrundlage hierf\u00fcr ist Art. 6 Abs. 1 S. 1 lit. a und f DSGVO.<br \/>\nc) Bei Kontaktaufnahme per E-Mail<br \/>\nBei Ihrer Kontaktaufnahme mit uns per E-Mail werden die von Ihnen mitgeteilten Daten<br \/>\n(Ihre EMail-Adresse, ggf. Ihr Name und Ihre Telefonnummer) von uns gespeichert, um Ihr Anliegen zu<br \/>\nbearbeiten bzw. Ihre Fragen zu beantworten.<br \/>\nDie Datenverarbeitung zum Zwecke der Kontaktaufnahme mit uns erfolgt nach Art. 6 Abs. 1 S. 1<br \/>\nlit. a DSGVO auf Grundlage einer freiwillig erteilten Einwilligung.<br \/>\nDie in diesem Zusammenhang anfallenden Daten l\u00f6schen wir, nachdem die Speicherung nichtmehr<br \/>\nerforderlich ist, zum Beispiel weil sich die von Ihnen gestellte Anfrage erledigt hat, oder schr\u00e4nken<br \/>\ndie Bearbeitung ein, falls gesetzliche Aufbewahrungsfristen bestehen.<br \/>\nd) Bei Anmeldung f\u00fcr unseren Newsletter<br \/>\nMit Ihrer Einwilligung k\u00f6nnen Sie unseren Newsletter abonnieren, mit dem wir Sie \u00fcber unsere<br \/>\naktuellen interessanten Angebote informieren. Die beworbenen Waren und Dienstleistungen sind<br \/>\nin der Einwilligungserkl\u00e4rung benannt.<br \/>\nF\u00fcr die Anmeldung zu unserem Newsletter verwenden wir das sog. Double-opt-in-Verfahren. Das<br \/>\nhei\u00dft, dass wir Ihnen nach Ihrer Anmeldung eine E-Mail an die angegebene E-Mail-Adresse<br \/>\nsenden, in welcher wir Sie um Best\u00e4tigung bitten, dass Sie den Versand des Newsletters<br \/>\nw\u00fcnschen. Wenn Sie Ihre Anmeldung nicht innerhalb von 48 Stunden best\u00e4tigen, werden Ihre<br \/>\nInformationen gesperrt und nach einem Monat automatisch gel\u00f6scht. Dar\u00fcber hinaus speichern wir<br \/>\njeweils Ihre eingesetzten IP-Adressen und Zeitpunkte der Anmeldung und Best\u00e4tigung. Zweck des<br \/>\nVerfahrens ist, Ihre Anmeldung nachweisen und ggf. einen m\u00f6glichen Missbrauch Ihrer<br \/>\npers\u00f6nlichen Daten aufkl\u00e4ren zu k\u00f6nnen.<br \/>\nPflichtangabe f\u00fcr die \u00dcbersendung des Newsletters ist allein Ihre E-Mail-Adresse. Die Angabe<br \/>\nweiterer, gesondert markierter Daten ist freiwillig und wird verwendet, um Sie pers\u00f6nlich<br \/>\nansprechen zu k\u00f6nnen. Nach Ihrer Best\u00e4tigung speichern wir Ihre E-Mail-Adresse zum Zweck der<br \/>\nZusendung des Newsletters. Rechtsgrundlage ist Art. 6 Abs. 1 S. 1 lit. a DS-GVO.<br \/>\nIhre Einwilligung in die \u00dcbersendung des Newsletters k\u00f6nnen Sie jederzeit widerrufen und den<br \/>\nNewsletter abbestellen. Den Widerruf k\u00f6nnen Sie durch Klick auf den in jeder Newsletter-E-Mail<br \/>\nbereitgestellten Link, per E-Mail an info@extra-faces.de oder durch eine Nachricht an die im<br \/>\nImpressum angegebenen Kontaktdaten erkl\u00e4ren.<br \/>\nWir weisen Sie darauf hin, dass wir bei Versand des Newsletters Ihr Nutzerverhalten auswerten.<br \/>\nF\u00fcr diese Auswertung beinhalten die versendeten E-Mails sogenannte Web-Beacons bzw. TrackingPixel,<br \/>\ndie Ein-Pixel-Bilddateien darstellen, die auf unserer Website gespeichert sind. F\u00fcr die<br \/>\nAuswertungen verkn\u00fcpfen wir die in Punkt 3a dieser Erkl\u00e4rung genannten Daten und die WebBeacons<br \/>\nmit Ihrer E-Mail-Adresse und einer individuellen ID. Die Daten werden ausschlie\u00dflich<br \/>\npseudonymisiert erhoben, die IDs werden also nicht mit Ihren weiteren pers\u00f6nlichen Daten<br \/>\nverkn\u00fcpft, eine direkte Personenbeziehbarkeit wird ausgeschlossen. [<br \/>\nSie k\u00f6nnen diesem Tracking jederzeit widersprechen, indem Sie den gesonderten Link, der in jeder<br \/>\nE-Mail bereitgestellt wird, anklicken oder uns \u00fcber einen anderen Kontaktweg informieren. Die<br \/>\nInformationen werden solange gespeichert, wie Sie den Newsletter abonniert haben. Nach einer<br \/>\nAbmeldung speichern wir die Daten rein statistisch und anonym.<br \/>\ne) Bei Nutzung der Kommentarfunktion<br \/>\nAuf unserer Website k\u00f6nnen Sie Kommentare abgeben.<br \/>\nNeben Ihrem Kommentar werden auch der Zeitpunkt der Erstellung des Kommentars und, wenn<br \/>\nSie nicht anonym posten, der von Ihnen gew\u00e4hlte Nutzername auf unserer Website ver\u00f6ffentlicht<br \/>\nund gespeichert. Wir empfehlen ein Pseudonym statt Ihres Klarnamens zu verwenden. Die Angabe<br \/>\nvon Nutzernamen und E-Mail-Adresse ist erforderlich, alle weiteren Informationen sind freiwillig.<br \/>\nWenn Sie einen Kommentar abgeben, speichern wir weiterhin Ihre IP-Adresse, die wir nach einer<br \/>\nWoche l\u00f6schen. Die Speicherung ist f\u00fcr uns erforderlich, um uns in F\u00e4llen einer m\u00f6glichen<br \/>\nVer\u00f6ffentlichung widerrechtlicher Inhalte gegen Haftungsanspr\u00fcche verteidigen zu k\u00f6nnen.<br \/>\nIhre EMail-Adresse ben\u00f6tigen wir, um mit Ihnen in Kontakt zu treten, falls ein Dritter Ihren Kommentar<br \/>\nals rechtswidrig beanstanden sollte.<br \/>\nRechtsgrundlagen sind Art. 6 Abs. 1 S. 1 lit. b und f DSGVO.<br \/>\nDie Kommentare werden vor Ver\u00f6ffentlichung nicht gepr\u00fcft. Wir behalten uns vor, Kommentare zu<br \/>\nl\u00f6schen, wenn sie von Dritten als rechtswidrig beanstandet werden.<br \/>\nAls Nutzer der Website k\u00f6nnen Sie nach einer Anmeldung Kommentare abonnieren. F\u00fcr diesen<br \/>\nService setzen wir das Double-opt-in-Verfahren ein, das hei\u00dft, Sie erhalten eine E-Mail, in der Sie<br \/>\nbest\u00e4tigen m\u00fcssen, dass Sie Inhaber dieser E-Mail-Adresse die angebotene Funktion nutzen<br \/>\nwollen. Sie k\u00f6nnen diese Funktion jederzeit \u00fcber einen Link in den Info-Mails abbestellen.<\/p>\n<p>4. Weitergabe von Daten<br \/>\nEine \u00dcbermittlung Ihrer personenbezogenen Daten an Dritte zu anderen als dem von Ihnen<br \/>\ngew\u00fcnschten Vermittlungszweck und den im Folgenden aufgef\u00fchrten Zwecken findet nicht statt.<br \/>\nWir geben Ihre personenbezogenen Daten nur an Dritte weiter, wenn:<br \/>\nSie Ihre nach Art. 6 Abs. 1 S. 1 lit. a DSGVO ausdr\u00fcckliche Einwilligung erteilt haben,<br \/>\nDie Weitergabe nach Art. 6 Abs. 1 S. 1 lit. f DSGVO zur Geltendmachung, Aus\u00fcbung oder<br \/>\nVerteidigung von Rechtsanspr\u00fcchen erforderlich ist und kein Grund zur Annahme besteht, dass Sie<br \/>\nein \u00fcberwiegendes schutzw\u00fcrdiges Interesse an der Nichtweitergabe Ihrer Daten haben,<br \/>\nF\u00fcr den Fall, dass f\u00fcr die Weitergabe nach Art. 6 Abs. 1 S. 1 lit. c DSGVO eine gesetzliche<br \/>\nVerpflichtung besteht, sowie<br \/>\nDies gesetzlich zul\u00e4ssig und nach Art. 6 Abs. 1 S. 1 lit. b DSGVO f\u00fcr die Abwicklung von<br \/>\nVertragsverh\u00e4ltnissen mit Ihnen erforderlich ist.<\/p>\n<p>5. Cookies<br \/>\nWir setzen auf dieser Website Cookies ein. Hierbei handelt es sich um kleine Textdateien, die Ihr<br \/>\nBrowser automatisch erstellt und die auf Ihren Endger\u00e4t (Laptop, Tablet, Smartphone o.\u00e4.)<br \/>\ngespeichert werden, wenn Sie unsere Website besuchen.<br \/>\nIn dem Cookie werden Informationen abgelegt, die sich jeweils im Zusammenhang mit dem<br \/>\nspezifisch eingesetzten Endger\u00e4t ergeben. Dies bedeutet jedoch nicht, dass wir dadurch<br \/>\nunmittelbar Kenntnis von Ihrer Identit\u00e4t erhalten.<br \/>\nDurch den Einsatz von Cookies erh\u00f6ht sich die Benutzerfreundlichkeit und Sicherheit dieser<br \/>\nWebsite. Nach dem Ende der Browser-Sitzung werden die von uns verwendeten Cookies wieder<br \/>\nvon Ihrer Festplatte gel\u00f6scht (\u201eSitzungs-Cookies&#8220;).<br \/>\nDar\u00fcber hinaus setzen wir ebenfalls zur Optimierung der Benutzerfreundlichkeit tempor\u00e4re Cookies<br \/>\nein, die f\u00fcr einen bestimmten festgelegten Zeitraum auf Ihrem Endger\u00e4t gespeichert werden.<br \/>\nBesuchen Sie unsere Website erneut, um unsere Dienste in Anspruch zu nehmen, wird<br \/>\nautomatisch erkannt, dass Sie bereits bei uns waren und welche Eingaben und Einstellungen Sie<br \/>\nget\u00e4tigt haben, um diese nicht noch einmal eingeben zu m\u00fcssen.<br \/>\nDie durch Cookies verarbeiteten Daten sind f\u00fcr die genannten Zwecke zur Wahrung unserer<br \/>\nberechtigten Interessen sowie der Dritter Nach Art. 6 Abs. 1 S. 1 lit. f DSGVO erforderlich.<br \/>\nDie meisten Browser akzeptieren Cookies automatisch. Sie k\u00f6nnen Ihren Browser jedoch so<br \/>\nkonfigurieren, dass keine Cookies auf Ihrem Computer gespeichert werden oder stets ein Hinweis<br \/>\nerscheint, bevor ein neuer Cookie angelegt wird. Die vollst\u00e4ndige Deaktivierung von Cookies kann<br \/>\njedoch dazu f\u00fchren, dass Sie nicht alle Funktionen unserer Website nutzen k\u00f6nnen.<\/p>\n<p>6. Ihre Rechte<br \/>\na) Auskunft, Berichtigung, L\u00f6schung, Einschr\u00e4nkung der Verarbeitung,<br \/>\nDaten\u00fcbertragbarkeit, Widerruf, Beschwerde<br \/>\nSie haben das Recht:<br \/>\nGem\u00e4\u00df Art. 15 DSGVO Auskunft \u00fcber Ihre von uns verarbeiteten personenbezogenen Daten zu<br \/>\nverlangen. Insbesondere k\u00f6nnen Sie Auskunft \u00fcber die Verarbeitungszwecke, die Kategorien der<br \/>\npersonenbezogenen Daten, die Kategorien von Empf\u00e4ngern, gegen\u00fcber denen Ihre Daten<br \/>\noffengelegt wurden oder werden, die geplante Speicherdauer, das Bestehen eines rechts auf<br \/>\nBerichtigung, L\u00f6schung, Einschr\u00e4nkung der Verarbeitung oder Widerspruch, das Bestehe eines<br \/>\nBeschwerderechts, die Herkunft Ihrer Daten, sofern diese nicht bei uns erhoben wurden, sowie<br \/>\n\u00fcber das Bestehen einer automatisierten Entscheidungsfindung einschlie\u00dflich Profiling und ggf.<br \/>\naussagekr\u00e4ftige Informationen zu deren Einzelheiten verlangen;<br \/>\ngem\u00e4\u00df Art. 16 DSGVO unverz\u00fcglich die Berichtigung unrichtiger oder Vervollst\u00e4ndigung Ihrer bei<br \/>\nuns gespeicherten personenbezogenen Daten verlangen;<br \/>\ngem\u00e4\u00df Art. 17 DSGVO die L\u00f6schung Ihrer bei uns gespeicherten personenbezogenen Daten zu<br \/>\nverlangen, soweit nicht die Verarbeitung zur Aus\u00fcbung des Rechts auf freie Meinungs\u00e4u\u00dferung<br \/>\nund Information, zur Erf\u00fcllung einer rechtlichen Verpflichtung, aus Gr\u00fcnden des \u00f6ffentlichen<br \/>\nInteresses oder zur Geltendmachung, Aus\u00fcbung oder Verteidigung von Rechtsanspr\u00fcchen<br \/>\nerforderlich ist;<br \/>\ngem\u00e4\u00df Art. 18 DSGVO die Einschr\u00e4nkung der Verarbeitung Ihrer personenbezogenen Daten zu<br \/>\nverlangen, soweit die Richtigkeit der Daten von Ihnen bestritten wird, die Verarbeitung<br \/>\nunrechtm\u00e4\u00dfig ist, Sie aber deren L\u00f6schung ablehnen und wir die Daten nicht mehr ben\u00f6tigen, Sie<br \/>\ndiese jedoch zur Geltendmachung, Aus\u00fcbung oder Verteidigung von Rechtsanspr\u00fcchen ben\u00f6tigen<br \/>\noder Sie gem\u00e4\u00df Art. 21 DSGVO Widerspruch gegen die Verarbeitung eingelegt haben;<br \/>\ngem\u00e4\u00df Art. 20 DSGVO Ihre personenbezogenen Daten, die Sie bereitgestellt haben, in einem<br \/>\nstrukturierten, g\u00e4ngigen und maschinenlesbaren Format zu erhalten oder die \u00dcbermittlung an<br \/>\neinen anderen Verantwortlichen zu verlangen;<br \/>\ngem\u00e4\u00df Art. 7 Abs. 3 DSGVO Ihre einmal erteilte Einwilligung jederzeit gegen\u00fcber uns zu<br \/>\nwiderrufen. Dies hat zur Folge, dass wir die Datenverarbeitung, die auf dieser Einwilligung<br \/>\nberuhte, f\u00fcr die Zukunft nicht mehr fortf\u00fchren d\u00fcrfen und<br \/>\ngem\u00e4\u00df Art. 77 DSGVO sich bei einer Aufsichtsbeh\u00f6rde zu beschweren. In der Regel k\u00f6nnen Sie<br \/>\nsich hierf\u00fcr an die Aufsichtsbeh\u00f6rde Ihres \u00fcblichen Aufenthaltsortes oder Arbeitsplatzes oder<br \/>\nunserer Niederlassung wenden.<br \/>\nb) Widerspruchsrecht<br \/>\nSofern ihre personenbezogenen Daten auf Grundlage von berechtigten Interessen gem. Art. 6 Abs.<br \/>\n1 S. 1 lit. f DSGVO verarbeitet werden, haben Sie das Recht, gem\u00e4\u00df Art. 21 DSGVO Widerspruch<br \/>\ngegen die Verarbeitung Ihrer personenbezogenen Daten einzulegen, soweit daf\u00fcr Gr\u00fcnde<br \/>\nvorliegen, die sich aus Ihrer besonderen Situation ergeben oder sich der Widerspruch gegen<br \/>\nDirektwerbung richtet. Im letzteren Fall haben Sie ein generelles Widerspruchsrecht, das ohne<br \/>\nAngabe einer besonderen Situation von uns umgesetzt wird.<br \/>\nM\u00f6chten Sie von Ihrem Widerspruchsrecht Gebrauch machen, gen\u00fcgt eine E-Mail an:<br \/>\ninfo@extra-faces.de.<\/p>\n<p>7. Datensicherheit<br \/>\nWir verwenden innerhalb des Website-Besuchs das verbreitete SSL-Verfahren (Secure Socket<br \/>\nLayer) in Verbindung mit der jeweils h\u00f6chsten Verschl\u00fcsselungsstufe, die von Ihrem Browser<br \/>\nunterst\u00fctzt wird. In der Regel handelt es sich dabei um eine 256 Bit Verschl\u00fcsselung. Falls Ihr<br \/>\nBrowser keine 256-Bit Verschl\u00fcsselung unterst\u00fctzt, greifen wir stattdessen auf 128-Bit v3<br \/>\nTechnologie zur\u00fcck. Ob eine einzelne Seite unseres Internetauftritts verschl\u00fcsselt \u00fcbertragen wird,<br \/>\nerkennen Sie an der geschlossenen Darstellung des Schl\u00fcssel- bzw. Schloss-Symbols in der<br \/>\nunteren Statusleiste Ihres Browsers.<br \/>\nDie \u00dcbertragung Ihrer online eingegeben Daten erfolgt verschl\u00fcsselt gem\u00e4\u00df dem aktuellen Stand<br \/>\nder Technik.<br \/>\nWir bedienen uns im \u00dcbrigen geeigneter technischer und organisatorischer<br \/>\nSicherheitsma\u00dfnahmen, um Ihre Daten gegen zuf\u00e4llige oder vors\u00e4tzliche Manipulationen,<br \/>\nteilweisen oder vollst\u00e4ndigen Verlust, Zerst\u00f6rung oder gegen den unbefugten Zugriff Dritter zu<br \/>\nsch\u00fctzen. Unsere Sicherheitsma\u00dfnahmen werden entsprechend der technologischen Entwicklung<br \/>\nfortlaufend verbessert.<\/p>\n<p>8. Aktualit\u00e4t und \u00c4nderung dieser Datenschutzerkl\u00e4rung<br \/>\nDiese Datenschutzerkl\u00e4rung ist aktuell g\u00fcltig und hat den Stand 23. Mai 2018.<br \/>\nDurch die Weiterentwicklung unserer Website und Angebote dar\u00fcber oder aufgrund ge\u00e4nderter<br \/>\ngesetzlicher bzw. beh\u00f6rdlicher Vorgaben kann es notwendig werden, diese Datenschutzerkl\u00e4rung<br \/>\nzu \u00e4ndern.<\/p>\n<p>&nbsp;<\/p>\n<h2>Nutzungsbedingungen<\/h2>\n<p>Nutzungsbedingungen von extra-faces.de<br \/>\nFassung vom 01.04.2022<br \/>\nextra-faces.de ist die online Pr\u00e4senz der Agentur ExtraFaces Katrin Poppelbaum, die sich mit der<br \/>\nVermittlung von Komparsen, Darstellern, Models und Specials f\u00fcr Film-, TV- und<br \/>\nWerbeproduktionen besch\u00e4ftigt. Die Agentur ExtraFaces Katrin Poppelbaum ist der Betreiber von<br \/>\nextra-faces.de. Das Einstellen von Bildern und Daten, die Online-Aufnahme in die Kartei, die<br \/>\nNutzung der Online-Pr\u00e4senz und die Teilnahme an der extra-faces.de Community ist unentgeltlich.<br \/>\nDie Nutzung der unentgeltlichen Online Pr\u00e4senz der Agentur ExtraFaces Katrin Poppelbaum hat<br \/>\nkein Entstehen eines Vertragsverh\u00e4ltnisses zwischen dem Nutzer und dem Betreiber von extrafaces.de zur Folge.<\/p>\n<p>Dies betrifft sowohl das Einstellen von Bildern und Daten, als auch die<br \/>\n\u00dcbernahme in einen &#8222;Katalog&#8220; des Betreibers von extra-faces.de. Mit der Aufnahme in einen<br \/>\n&#8222;Katalog&#8220; entsteht nicht das Recht auf Vermittlung. Die Vermittlung erfolgt nach detaillierten<br \/>\nVorgaben der Produktionen an die wir gebunden sind. Bilder, Daten und Teilnehmerkonten k\u00f6nnen<br \/>\njederzeit ohne die Nennung von Gr\u00fcnden vom Betreiber von extra-faces.de gesperrt bzw. aus dem<br \/>\nDatenbestand herausgenommen werden. Der Betreiber von extra-faces.de ist bestrebt, die<br \/>\nNutzung von extra-faces.de soweit wie m\u00f6glich zur Verf\u00fcgung zu stellen, es besteht jedoch<br \/>\nkeinerlei Anspruch auf Nutzung von extra-faces.de. Ausschlie\u00dflich Bilder und Daten der eigenen<br \/>\nPerson d\u00fcrfen auf extra-faces.de eingestellt werden. Bilder auf denen andere Personen erkennbar<br \/>\nsind, sind nicht zul\u00e4ssig. Bilder, auf denen Hinweise auf die Identit\u00e4t der Personen zu erkennen<br \/>\nsind, d\u00fcrfen nicht eingestellt werden. Die Person, die Bilder in extra-faces.de einstellt, tr\u00e4gt die<br \/>\nalleinige Verantwortung betreffend der Urheberrechte der eingestellten Bilder. Falls andere<br \/>\nPersonen, als der Einsteller, \u00fcber Rechte an dem eingestellten Bildmaterial verf\u00fcgen, dies betrifft<br \/>\nu.a. Urheber- oder Leistungsschutzrechte des Fotografen und das Recht am eigenen Bild, hat der<br \/>\nEinsteller die Einwilligung zur Ver\u00f6ffentlichung der Bilder von den entsprechenden Rechteinhabern<br \/>\neinzuholen. Jeder Einsteller und jeder Teilnehmer tr\u00e4gt die alleinige Verantwortung f\u00fcr die<br \/>\nEinhaltung der Nutzungsbedingungen und geltender Gesetze. Der Einsteller und Teilnehmer stellt<br \/>\nden Betreiber bei Nichtbeachtung der Nutzungsbedingungen und geltender Gesetze von jeglichen<br \/>\nAnspr\u00fcchen Dritter frei. Bilder, die Werbung beinhalten, Bilder mit pornographischem, mit rechtlich<br \/>\nunzul\u00e4ssigen, mit rassistischen oder mit anderen diskriminierenden Inhalten, d\u00fcrfen nicht<br \/>\neingestellt werden. Jeder Einsteller und Teilnehmer verpflichtet sich keine Nachrichten,<br \/>\nKurznachrichten oder Links mit den folgend genannten Inhalten an andere Teilnehmer zu<br \/>\nversenden: illegale Inhalte, diffamierende Inhalte, rassistische Inhalte, obsz\u00f6ne Inhalte oder<br \/>\nanderweitig beleidigende Inhalte. Jeder Einsteller und Teilnehmer verpflichtet ebenfalls keine<br \/>\ngewerblichen Werbebotschaften innerhalb der extra-faces.de Community zu vertreiben. Jeder<br \/>\nTeilnehmer erteilt hiermit die Einwilligung, da\u00df der Betreiber Nachrichten der Teilnehmer innerhalb<br \/>\nextra-faces.de automatisch nach Stichw\u00f6rtern der im vorherigen Absatz genannten unzul\u00e4ssigen<br \/>\nInhalte scannt und im entsprechenden Fall automatisch l\u00f6scht. Bei Einstellung von Bildmaterial,<br \/>\nstimmt der Einsteller der Ver\u00f6ffentlichung des Bildmaterials auf extra-faces.de und der Bewertung<br \/>\ndurch Besucher von extra-faces.de zu. Der Betreiber von extra-faces.de speichert Daten in<br \/>\nmaschinenlesbarer Form und verarbeitet maschinell personenbezogene Daten. Der Einsteller bzw.<br \/>\nTeilnehmer stimmt dieser Speicherung und Verarbeitung zu. Der Einsteller und Teilnehmer hat das<br \/>\nRecht, alle von ihm, auf dieser Website zur Verf\u00fcgung gestellten Daten online abzurufen.<br \/>\nBesonders sch\u00fctzenswerte Daten wie z.B. Sozialversicherungsnummer, k\u00f6nnen online nicht<br \/>\neingesehen werden. Der Einsteller hat das Recht, jederzeit, ohne Angabe von Gr\u00fcnden, die<br \/>\nL\u00f6schung aller seiner Daten zu verlangen. Der Einsteller und Teilnehmer hat die M\u00f6glichkeit<br \/>\nmittels login unter den Men\u00fcpunkten &#8222;Ihre Einstellungen&#8220; und &#8222;Ihr Adressbuch&#8220; zu bestimmen,<br \/>\nwelche Daten f\u00fcr andere Einsteller und Teilnehmer sichtbar sind. Der Einsteller und Teilnehmer<br \/>\nkann anderen Einstellern und Teilnehmern die M\u00f6glichkeit geben, anonymisierte e-mails an Ihn zu<br \/>\nschicken. Die anderen registrierten Einsteller und Teilnehmer erfahren auf diesem Wege nur den<br \/>\nBenutzernamen und nicht die e-mail Adresse des Empf\u00e4ngers. Besucher von extra-faces.de haben<br \/>\ntechnisch die M\u00f6glichkeit eingestellte Bilder herunterzuladen. Dies ist ohne Zustimmung der<br \/>\nBetreiber von extra-faces.de ausdr\u00fccklich untersagt. Der Betreiber von extra-faces.de \u00fcbernimmt<br \/>\njedoch ausdr\u00fccklich keine Verantwortung f\u00fcr das Herunterladen und eventuelle anderweitige<br \/>\nVerbreitung der eingestellten Bilder durch Dritte. Der Einsteller und Teilnehmer stimmt der<br \/>\nWeitergabe der eingereichten Bilder und Daten ausschlie\u00dflich im Rahmen der Vermittlungst\u00e4tigkeit<br \/>\nder Agentur Extra Faces Katrin Poppelbaum zu. Eine Weitergabe der eingereichten Daten und<br \/>\nBilder, die nicht dem Zweck der Vermittlung dient ist ausgeschlossen. Nur im Rahmen einer<br \/>\ntats\u00e4chlichen Vermittlung durch die Agentur Extra Faces Katrin Poppelbaum f\u00fcr Film-, TV- und<br \/>\nWerbeproduktionen, werden weitere Daten von Einstellern und Teilnehmern abgefragt. In diesem<br \/>\nFalle werden Einsteller und Teilnehmer seitens der Agentur Extra Faces Katrin Poppelbaum f\u00fcr eine<br \/>\nT\u00e4tigkeit unter Angabe von Rolle, Gage, Produktion und weiterer Angaben zum Einsatz telefonisch,<br \/>\nper SMS oder per e-mail angefragt. Es verbleibt den Einstellern und Teilnehmern nach Anfrage<br \/>\nzuzusagen oder abzulehnen oder nicht auf eine Anfrage zu antworten. Es besteht keinerlei<br \/>\nVerpflichtung auf eine Anfrage zu reagieren. Nach Zusage werden seitens der Agentur Extra Faces<br \/>\nKatrin Poppelbaum Daten zum sozialversicherungsrechtlichen Status, Sozialversicherungsnummer<br \/>\nund Krankenkassenmitgliedschaft abgefragt. Die Teilnehmer sind verpflichtet wahrheitsgem\u00e4\u00dfe<br \/>\nAngaben zu machen. Bei unwahren Angaben tr\u00e4gt der Vermittelte die alleinige Verantwortung f\u00fcr<br \/>\neventuelle Folgen die sich daraus ergeben. Die von Agentur Extra Faces Katrin Poppelbaum<br \/>\nvermittelten Personen tragen dar\u00fcber hinaus die alleinige Verantwortung f\u00fcr eventuelle Folgen, die<br \/>\nsich aus, von Ihnen zur Verf\u00fcgung gestellten falschen Daten im Rahmen von extra-faces.de<br \/>\nergeben. Hiermit best\u00e4tige ich die Richtigkeit meiner Angaben, \u00c4nderungen unverz\u00fcglich der<br \/>\nAgentur mitzuteilen, dass ich dar\u00fcber informiert wurde, dass ich als Arbeitsloser,<br \/>\nSozialhilfeempf\u00e4nger oder Vorruhest\u00e4ndler nur mit einer Nebenverdienstbescheinigung vermittelt<br \/>\nwerden darf, die anschliessend den entsprechenden \u00c4mtern vorzulegen ist. Wir weisen<br \/>\nausdr\u00fccklich darauf hin, dass der Arbeitgeber bei falschen Angaben Ihrerseits, eventuell<br \/>\nnachtr\u00e4glich zu entrichtende Sozialversicherungsbeitr\u00e4ge vom Arbeitnehmer nachfordern kann.<br \/>\nSollten Bestimmungen dieser Nutzungsbedingungen ganz oder teilweise nicht rechtswirksam sein,<br \/>\nist dadurch die G\u00fcltigkeit der \u00fcbrigen Bestimmungen nicht ber\u00fchrt. Anstelle der unwirksamen<br \/>\nBestimmungen treten Bestimmungen, die dem Sinn und Zweck dieser Nutzungsvereinbarung<br \/>\nentsprechen w\u00fcrde, sofern der Betreiber bei Ver\u00f6ffentlichung der Nutzungsvereinbarung diese<br \/>\nBestimmung bedacht h\u00e4tte. Der Einsteller bzw. Teilnehmer stimmt diesen Bedingungen durch die<br \/>\nBet\u00e4tigung der folgenden Schaltfl\u00e4che zu: &#8222;Ich stimme diesen Nutzungsbedingungen zu&#8220;. (c)2023<br \/>\nAgentur Extra Faces Katrin Poppelbaum. Alle Rechte vorbehalten.[\/vc_column_text][\/vc_column][\/vc_row]<\/p>\n<\/div>","protected":false},"excerpt":{"rendered":"<p>[vc_row row_height_percent=&#8220;0&#8243; overlay_alpha=&#8220;50&#8243; gutter_size=&#8220;3&#8243; column_width_percent=&#8220;100&#8243; shift_y=&#8220;0&#8243; z_index=&#8220;0&#8243; uncode_shortcode_id=&#8220;200782&#8243;][vc_column column_width_percent=&#8220;100&#8243; gutter_size=&#8220;3&#8243; style=&#8220;light&#8220; overlay_alpha=&#8220;50&#8243; shift_x=&#8220;0&#8243; shift_y=&#8220;0&#8243; shift_y_down=&#8220;0&#8243; z_index=&#8220;0&#8243; medium_width=&#8220;0&#8243; mobile_width=&#8220;0&#8243; width=&#8220;1\/1&#8243; uncode_shortcode_id=&#8220;819570&#8243;][vc_column_text [&hellip;]<\/p>\n","protected":false},"author":1,"featured_media":0,"parent":0,"menu_order":0,"comment_status":"closed","ping_status":"closed","template":"","meta":{"footnotes":""},"class_list":["post-169","page","type-page","status-publish","hentry"],"yoast_head":"<!-- This site is optimized with the Yoast SEO plugin v27.5 - https:\/\/yoast.com\/product\/yoast-seo-wordpress\/ -->\n<title>Imprint - Extra Faces<\/title>\n<meta name=\"robots\" content=\"index, follow, max-snippet:-1, max-image-preview:large, max-video-preview:-1\" \/>\n<link rel=\"canonical\" href=\"https:\/\/extra-faces.de\/index.php\/imprint\/\" \/>\n<meta property=\"og:locale\" content=\"de_DE\" \/>\n<meta property=\"og:type\" content=\"article\" \/>\n<meta property=\"og:title\" content=\"Imprint - Extra Faces\" \/>\n<meta property=\"og:description\" content=\"[vc_row row_height_percent=&#8220;0&#8243; overlay_alpha=&#8220;50&#8243; gutter_size=&#8220;3&#8243; column_width_percent=&#8220;100&#8243; shift_y=&#8220;0&#8243; z_index=&#8220;0&#8243; uncode_shortcode_id=&#8220;200782&#8243;][vc_column column_width_percent=&#8220;100&#8243; gutter_size=&#8220;3&#8243; style=&#8220;light&#8220; overlay_alpha=&#8220;50&#8243; shift_x=&#8220;0&#8243; shift_y=&#8220;0&#8243; shift_y_down=&#8220;0&#8243; z_index=&#8220;0&#8243; medium_width=&#8220;0&#8243; mobile_width=&#8220;0&#8243; width=&#8220;1\/1&#8243; uncode_shortcode_id=&#8220;819570&#8243;][vc_column_text [&hellip;]\" \/>\n<meta property=\"og:url\" content=\"https:\/\/extra-faces.de\/index.php\/imprint\/\" \/>\n<meta property=\"og:site_name\" content=\"Extra Faces\" \/>\n<meta property=\"article:modified_time\" content=\"2023-01-08T18:52:05+00:00\" \/>\n<meta name=\"twitter:card\" content=\"summary_large_image\" \/>\n<meta name=\"twitter:label1\" content=\"Gesch\u00e4tzte Lesezeit\" \/>\n\t<meta name=\"twitter:data1\" content=\"18\u00a0Minuten\" \/>\n<script type=\"application\/ld+json\" class=\"yoast-schema-graph\">{\"@context\":\"https:\\\/\\\/schema.org\",\"@graph\":[{\"@type\":\"WebPage\",\"@id\":\"https:\\\/\\\/extra-faces.de\\\/index.php\\\/imprint\\\/\",\"url\":\"https:\\\/\\\/extra-faces.de\\\/index.php\\\/imprint\\\/\",\"name\":\"Imprint - Extra Faces\",\"isPartOf\":{\"@id\":\"https:\\\/\\\/extra-faces.de\\\/#website\"},\"datePublished\":\"2022-12-05T17:43:29+00:00\",\"dateModified\":\"2023-01-08T18:52:05+00:00\",\"breadcrumb\":{\"@id\":\"https:\\\/\\\/extra-faces.de\\\/index.php\\\/imprint\\\/#breadcrumb\"},\"inLanguage\":\"de\",\"potentialAction\":[{\"@type\":\"ReadAction\",\"target\":[\"https:\\\/\\\/extra-faces.de\\\/index.php\\\/imprint\\\/\"]}]},{\"@type\":\"BreadcrumbList\",\"@id\":\"https:\\\/\\\/extra-faces.de\\\/index.php\\\/imprint\\\/#breadcrumb\",\"itemListElement\":[{\"@type\":\"ListItem\",\"position\":1,\"name\":\"Startseite\",\"item\":\"https:\\\/\\\/extra-faces.de\\\/\"},{\"@type\":\"ListItem\",\"position\":2,\"name\":\"Imprint\"}]},{\"@type\":\"WebSite\",\"@id\":\"https:\\\/\\\/extra-faces.de\\\/#website\",\"url\":\"https:\\\/\\\/extra-faces.de\\\/\",\"name\":\"Extra Faces\",\"description\":\"Komparsen Kleindarsteller Agentur Hamburg Schleswig Holstein Niedersachsen Meck.-Pomm.\",\"publisher\":{\"@id\":\"https:\\\/\\\/extra-faces.de\\\/#organization\"},\"potentialAction\":[{\"@type\":\"SearchAction\",\"target\":{\"@type\":\"EntryPoint\",\"urlTemplate\":\"https:\\\/\\\/extra-faces.de\\\/?s={search_term_string}\"},\"query-input\":{\"@type\":\"PropertyValueSpecification\",\"valueRequired\":true,\"valueName\":\"search_term_string\"}}],\"inLanguage\":\"de\"},{\"@type\":\"Organization\",\"@id\":\"https:\\\/\\\/extra-faces.de\\\/#organization\",\"name\":\"Extra Faces\",\"url\":\"https:\\\/\\\/extra-faces.de\\\/\",\"logo\":{\"@type\":\"ImageObject\",\"inLanguage\":\"de\",\"@id\":\"https:\\\/\\\/extra-faces.de\\\/#\\\/schema\\\/logo\\\/image\\\/\",\"url\":\"https:\\\/\\\/extra-faces.de\\\/wp-content\\\/uploads\\\/2022\\\/12\\\/ef_favicon.png\",\"contentUrl\":\"https:\\\/\\\/extra-faces.de\\\/wp-content\\\/uploads\\\/2022\\\/12\\\/ef_favicon.png\",\"width\":512,\"height\":512,\"caption\":\"Extra Faces\"},\"image\":{\"@id\":\"https:\\\/\\\/extra-faces.de\\\/#\\\/schema\\\/logo\\\/image\\\/\"}}]}<\/script>\n<!-- \/ Yoast SEO plugin. -->","yoast_head_json":{"title":"Imprint - Extra Faces","robots":{"index":"index","follow":"follow","max-snippet":"max-snippet:-1","max-image-preview":"max-image-preview:large","max-video-preview":"max-video-preview:-1"},"canonical":"https:\/\/extra-faces.de\/index.php\/imprint\/","og_locale":"de_DE","og_type":"article","og_title":"Imprint - Extra Faces","og_description":"[vc_row row_height_percent=&#8220;0&#8243; overlay_alpha=&#8220;50&#8243; gutter_size=&#8220;3&#8243; column_width_percent=&#8220;100&#8243; shift_y=&#8220;0&#8243; z_index=&#8220;0&#8243; uncode_shortcode_id=&#8220;200782&#8243;][vc_column column_width_percent=&#8220;100&#8243; gutter_size=&#8220;3&#8243; style=&#8220;light&#8220; overlay_alpha=&#8220;50&#8243; shift_x=&#8220;0&#8243; shift_y=&#8220;0&#8243; shift_y_down=&#8220;0&#8243; z_index=&#8220;0&#8243; medium_width=&#8220;0&#8243; mobile_width=&#8220;0&#8243; width=&#8220;1\/1&#8243; uncode_shortcode_id=&#8220;819570&#8243;][vc_column_text [&hellip;]","og_url":"https:\/\/extra-faces.de\/index.php\/imprint\/","og_site_name":"Extra Faces","article_modified_time":"2023-01-08T18:52:05+00:00","twitter_card":"summary_large_image","twitter_misc":{"Gesch\u00e4tzte Lesezeit":"18\u00a0Minuten"},"schema":{"@context":"https:\/\/schema.org","@graph":[{"@type":"WebPage","@id":"https:\/\/extra-faces.de\/index.php\/imprint\/","url":"https:\/\/extra-faces.de\/index.php\/imprint\/","name":"Imprint - Extra Faces","isPartOf":{"@id":"https:\/\/extra-faces.de\/#website"},"datePublished":"2022-12-05T17:43:29+00:00","dateModified":"2023-01-08T18:52:05+00:00","breadcrumb":{"@id":"https:\/\/extra-faces.de\/index.php\/imprint\/#breadcrumb"},"inLanguage":"de","potentialAction":[{"@type":"ReadAction","target":["https:\/\/extra-faces.de\/index.php\/imprint\/"]}]},{"@type":"BreadcrumbList","@id":"https:\/\/extra-faces.de\/index.php\/imprint\/#breadcrumb","itemListElement":[{"@type":"ListItem","position":1,"name":"Startseite","item":"https:\/\/extra-faces.de\/"},{"@type":"ListItem","position":2,"name":"Imprint"}]},{"@type":"WebSite","@id":"https:\/\/extra-faces.de\/#website","url":"https:\/\/extra-faces.de\/","name":"Extra Faces","description":"Komparsen Kleindarsteller Agentur Hamburg Schleswig Holstein Niedersachsen Meck.-Pomm.","publisher":{"@id":"https:\/\/extra-faces.de\/#organization"},"potentialAction":[{"@type":"SearchAction","target":{"@type":"EntryPoint","urlTemplate":"https:\/\/extra-faces.de\/?s={search_term_string}"},"query-input":{"@type":"PropertyValueSpecification","valueRequired":true,"valueName":"search_term_string"}}],"inLanguage":"de"},{"@type":"Organization","@id":"https:\/\/extra-faces.de\/#organization","name":"Extra Faces","url":"https:\/\/extra-faces.de\/","logo":{"@type":"ImageObject","inLanguage":"de","@id":"https:\/\/extra-faces.de\/#\/schema\/logo\/image\/","url":"https:\/\/extra-faces.de\/wp-content\/uploads\/2022\/12\/ef_favicon.png","contentUrl":"https:\/\/extra-faces.de\/wp-content\/uploads\/2022\/12\/ef_favicon.png","width":512,"height":512,"caption":"Extra Faces"},"image":{"@id":"https:\/\/extra-faces.de\/#\/schema\/logo\/image\/"}}]}},"_links":{"self":[{"href":"https:\/\/extra-faces.de\/index.php\/wp-json\/wp\/v2\/pages\/169","targetHints":{"allow":["GET"]}}],"collection":[{"href":"https:\/\/extra-faces.de\/index.php\/wp-json\/wp\/v2\/pages"}],"about":[{"href":"https:\/\/extra-faces.de\/index.php\/wp-json\/wp\/v2\/types\/page"}],"author":[{"embeddable":true,"href":"https:\/\/extra-faces.de\/index.php\/wp-json\/wp\/v2\/users\/1"}],"replies":[{"embeddable":true,"href":"https:\/\/extra-faces.de\/index.php\/wp-json\/wp\/v2\/comments?post=169"}],"version-history":[{"count":8,"href":"https:\/\/extra-faces.de\/index.php\/wp-json\/wp\/v2\/pages\/169\/revisions"}],"predecessor-version":[{"id":264,"href":"https:\/\/extra-faces.de\/index.php\/wp-json\/wp\/v2\/pages\/169\/revisions\/264"}],"wp:attachment":[{"href":"https:\/\/extra-faces.de\/index.php\/wp-json\/wp\/v2\/media?parent=169"}],"curies":[{"name":"wp","href":"https:\/\/api.w.org\/{rel}","templated":true}]}}